{"id":22767,"date":"2020-12-06T23:55:18","date_gmt":"2020-12-06T23:55:18","guid":{"rendered":"https:\/\/react2020.publishing.comet.technology\/tecnologia\/"},"modified":"2021-01-21T21:01:31","modified_gmt":"2021-01-21T21:01:31","slug":"tecnologia","status":"publish","type":"page","link":"https:\/\/react2020.eu\/es\/tecnologia\/","title":{"rendered":"Tecnolog\u00eda"},"content":{"rendered":"\t\t<div data-elementor-type=\"wp-page\" data-elementor-id=\"22767\" class=\"elementor elementor-22767 elementor-141\" data-elementor-post-type=\"page\">\n\t\t\t\t\t\t<section class=\"elementor-section elementor-top-section elementor-element elementor-element-fa8936f elementor-section-boxed elementor-section-height-default elementor-section-height-default\" data-id=\"fa8936f\" data-element_type=\"section\" data-e-type=\"section\" data-settings=\"{&quot;background_background&quot;:&quot;classic&quot;}\">\n\t\t\t\t\t\t<div class=\"elementor-container elementor-column-gap-default\">\n\t\t\t\t\t<div class=\"elementor-column elementor-col-100 elementor-top-column elementor-element elementor-element-414d821\" data-id=\"414d821\" data-element_type=\"column\" data-e-type=\"column\" data-settings=\"{&quot;background_background&quot;:&quot;classic&quot;}\">\n\t\t\t<div class=\"elementor-widget-wrap elementor-element-populated\">\n\t\t\t\t\t\t<div class=\"elementor-element elementor-element-dcc0fee elementor-widget elementor-widget-heading\" data-id=\"dcc0fee\" data-element_type=\"widget\" data-e-type=\"widget\" data-widget_type=\"heading.default\">\n\t\t\t\t<div class=\"elementor-widget-container\">\n\t\t\t\t\t<h2 class=\"elementor-heading-title elementor-size-default\">UNA RED INTELIGENTE, INTEGRADA Y DIGITALIZADA<\/h2>\t\t\t\t<\/div>\n\t\t\t\t<\/div>\n\t\t\t\t<div class=\"elementor-element elementor-element-cf2b853 elementor-widget elementor-widget-text-editor\" data-id=\"cf2b853\" data-element_type=\"widget\" data-e-type=\"widget\" data-widget_type=\"text-editor.default\">\n\t\t\t\t<div class=\"elementor-widget-container\">\n\t\t\t\t\t\t\t\t\t<p>Soluci\u00f3n TIC basada en la nube que integra tecnolog\u00edas de generaci\u00f3n distribuida de alta flexibilidad, respuesta a la demanda y almacenamiento de energ\u00eda para proporcionar una autonom\u00eda energ\u00e9tica del 100%.<\/p>\n\t\t\t\t\t\t\t\t<\/div>\n\t\t\t\t<\/div>\n\t\t\t\t<div class=\"elementor-element elementor-element-24a711e elementor-widget elementor-widget-text-editor\" data-id=\"24a711e\" data-element_type=\"widget\" data-e-type=\"widget\" data-widget_type=\"text-editor.default\">\n\t\t\t\t<div class=\"elementor-widget-container\">\n\t\t\t\t\t\t\t\t\t<p>REACT integrar\u00e1 el conocimiento obtenido en actividades previas de I+D con las tecnolog\u00edas disponibles comercialmente para formar una soluci\u00f3n viable que reducir\u00e1 las emisiones de Gases de Efecto Invernadero (GEI), adaptar\u00e1 a las necesidades energ\u00e9ticas, y\u00a0ser\u00e1n\u00a0f\u00e1cilmente\u00a0replicadas\u00a0replicable\u00a0en las comunidades insulares de la UE.<\/p>\n\t\t\t\t\t\t\t\t<\/div>\n\t\t\t\t<\/div>\n\t\t\t\t\t<\/div>\n\t\t<\/div>\n\t\t\t\t\t<\/div>\n\t\t<\/section>\n\t\t\t\t<section class=\"elementor-section elementor-top-section elementor-element elementor-element-3d4fbb6 elementor-section-boxed elementor-section-height-default elementor-section-height-default\" data-id=\"3d4fbb6\" data-element_type=\"section\" data-e-type=\"section\" data-settings=\"{&quot;background_background&quot;:&quot;classic&quot;}\">\n\t\t\t\t\t\t<div class=\"elementor-container elementor-column-gap-default\">\n\t\t\t\t\t<div class=\"elementor-column elementor-col-50 elementor-top-column elementor-element elementor-element-6c1beda\" data-id=\"6c1beda\" data-element_type=\"column\" data-e-type=\"column\">\n\t\t\t<div class=\"elementor-widget-wrap elementor-element-populated\">\n\t\t\t\t\t\t<div class=\"elementor-element elementor-element-224034b elementor-widget elementor-widget-heading\" data-id=\"224034b\" data-element_type=\"widget\" data-e-type=\"widget\" data-widget_type=\"heading.default\">\n\t\t\t\t<div class=\"elementor-widget-container\">\n\t\t\t\t\t<h2 class=\"elementor-heading-title elementor-size-default\">Tecnolog\u00edas innovadoras avanzadas<\/h2>\t\t\t\t<\/div>\n\t\t\t\t<\/div>\n\t\t\t\t<div class=\"elementor-element elementor-element-5db2def elementor-widget elementor-widget-text-editor\" data-id=\"5db2def\" data-element_type=\"widget\" data-e-type=\"widget\" data-widget_type=\"text-editor.default\">\n\t\t\t\t<div class=\"elementor-widget-container\">\n\t\t\t\t\t\t\t\t\t<p>&#8211; Un enfoque hol\u00edstico para las acciones de control de despacho de energ\u00eda (automatizadas y manuales)<\/p>\n<p>&#8211; Plataforma de respuesta a la demanda para una gesti\u00f3n flexible a nivel comunitario (automatizada y manual)<\/p>\n<p>&#8211; Herramientas de evaluaci\u00f3n de los recursos de las fuentes de energ\u00edas renovables combinados con M\u00e9todos de An\u00e1lisis de Decisiones Multicriterio (MCDA) para el desarrollo energ\u00e9tico regional integrado para lograr una selecci\u00f3n y dimensionamiento \u00f3ptimos de las tecnolog\u00edas de las fuentes de energ\u00edas renovables.<\/p>\n<p>&#8211; Generaci\u00f3n en tiempo real y previsi\u00f3n de cargas para un equilibrio \u00f3ptimo de la red.<\/p>\n<p>&#8211; Almacenamiento de energ\u00eda: Instalaci\u00f3n de bater\u00edas de I\u00f3n-Litio y Aluminio-Carbono de alta capacidad y respetuosas con el medio ambiente, as\u00ed como bater\u00edas convencionales de Plomo-\u00c1cido ventiladas y reguladas por v\u00e1lvulas y soluciones de conversi\u00f3n de la electricidad en energ\u00eda almacenada en forma de gas (P2G), en este caso en metano.<\/p>\n<p>&#8211; Bombas de calor y sistemas fotovoltaicos innovadores que se gestionar\u00e1n a nivel comunitario.<\/p>\n<p>&#8211; Mejora en la monitorizaci\u00f3n del funcionamiento la red para realizar la identificaci\u00f3n, localizaci\u00f3n de fallos de la red durante las operaciones en los escenarios de una elevada penetraci\u00f3n de las fuentes de energ\u00edas renovables de forma intermitente y almacenamiento en la red el\u00e9ctrica de la isla.<\/p>\n\t\t\t\t\t\t\t\t<\/div>\n\t\t\t\t<\/div>\n\t\t\t\t<div class=\"elementor-element elementor-element-0cd7957 elementor-widget elementor-widget-image\" data-id=\"0cd7957\" data-element_type=\"widget\" data-e-type=\"widget\" data-widget_type=\"image.default\">\n\t\t\t\t<div class=\"elementor-widget-container\">\n\t\t\t\t\t\t\t\t\t\t\t\t\t\t\t<img fetchpriority=\"high\" decoding=\"async\" width=\"512\" height=\"512\" src=\"https:\/\/react2020.eu\/wp-content\/uploads\/sites\/5\/2020\/07\/renewable-energy.png\" class=\"attachment-large size-large wp-image-23011\" alt=\"\" srcset=\"https:\/\/react2020.eu\/wp-content\/uploads\/sites\/5\/2020\/07\/renewable-energy.png 512w, https:\/\/react2020.eu\/wp-content\/uploads\/sites\/5\/2020\/07\/renewable-energy-300x300.png 300w, https:\/\/react2020.eu\/wp-content\/uploads\/sites\/5\/2020\/07\/renewable-energy-150x150.png 150w\" sizes=\"(max-width: 512px) 100vw, 512px\" \/>\t\t\t\t\t\t\t\t\t\t\t\t\t\t\t<\/div>\n\t\t\t\t<\/div>\n\t\t\t\t\t<\/div>\n\t\t<\/div>\n\t\t\t\t<div class=\"elementor-column elementor-col-50 elementor-top-column elementor-element elementor-element-0966994\" data-id=\"0966994\" data-element_type=\"column\" data-e-type=\"column\">\n\t\t\t<div class=\"elementor-widget-wrap elementor-element-populated\">\n\t\t\t\t\t\t<div class=\"elementor-element elementor-element-d686e96 elementor-widget elementor-widget-heading\" data-id=\"d686e96\" data-element_type=\"widget\" data-e-type=\"widget\" data-widget_type=\"heading.default\">\n\t\t\t\t<div class=\"elementor-widget-container\">\n\t\t\t\t\t<h2 class=\"elementor-heading-title elementor-size-default\">Integraci\u00f3n de la tecnolog\u00eda<\/h2>\t\t\t\t<\/div>\n\t\t\t\t<\/div>\n\t\t\t\t<div class=\"elementor-element elementor-element-ac508b3 elementor-widget elementor-widget-text-editor\" data-id=\"ac508b3\" data-element_type=\"widget\" data-e-type=\"widget\" data-widget_type=\"text-editor.default\">\n\t\t\t\t<div class=\"elementor-widget-container\">\n\t\t\t\t\t\t\t\t\t<p>La plataforma REACT basada en la nube permitir\u00e1 una f\u00e1cil integraci\u00f3n con las infraestructuras basadas en las fuentes de energ\u00edas renovables\/almacenamiento utilizando una estrategia hol\u00edstica de planificaci\u00f3n, monitorizaci\u00f3n y control que maximice la explotaci\u00f3n de las fuentes de energ\u00edas renovables.<\/p>\n<p>Las pruebas de laboratorio de control de los equipos para probar y evaluar en las condiciones cercanas a la vida real (HiL) antes de su instalaci\u00f3n. &#8211; Un algoritmo integrador y de optimizaci\u00f3n de energ\u00eda que combina optimizaci\u00f3n en tiempo real tanto de la energ\u00eda de multiples proveedores de energ\u00eda como de la demanda de la infraestructura energ\u00e9tica a nivel de hogar, edificio o distrito.<\/p>\n\t\t\t\t\t\t\t\t<\/div>\n\t\t\t\t<\/div>\n\t\t\t\t<div class=\"elementor-element elementor-element-1b02528 elementor-widget elementor-widget-heading\" data-id=\"1b02528\" data-element_type=\"widget\" data-e-type=\"widget\" data-widget_type=\"heading.default\">\n\t\t\t\t<div class=\"elementor-widget-container\">\n\t\t\t\t\t<h2 class=\"elementor-heading-title elementor-size-default\">Nuevas sinergias <\/h2>\t\t\t\t<\/div>\n\t\t\t\t<\/div>\n\t\t\t\t<div class=\"elementor-element elementor-element-a895efa elementor-widget elementor-widget-text-editor\" data-id=\"a895efa\" data-element_type=\"widget\" data-e-type=\"widget\" data-widget_type=\"text-editor.default\">\n\t\t\t\t<div class=\"elementor-widget-container\">\n\t\t\t\t\t\t\t\t\t<p>REACT utilizar\u00e1 activos de tecnolog\u00eda real combinados con la experiencia de los socios en la modelizaci\u00f3n computacional y la simulaci\u00f3n de sistemas f\u00edsicos considerando las redes el\u00e9ctricas existentes en los sitios de demostraci\u00f3n. Se prestar\u00e1 atenci\u00f3n a la interacci\u00f3n con las estaciones de carga de veh\u00edculos electricos (VE), que se est\u00e1n convirtiendo en algo com\u00fan en las islas peque\u00f1as y medianas. Tambi\u00e9n se considerar\u00e1 la utilizaci\u00f3n de la desalinizaci\u00f3n de agua como forma de almacenamiento de energ\u00eda y la integraci\u00f3n con la red de agua.<\/p>\n\t\t\t\t\t\t\t\t<\/div>\n\t\t\t\t<\/div>\n\t\t\t\t<div class=\"elementor-element elementor-element-7d08046 elementor-widget elementor-widget-heading\" data-id=\"7d08046\" data-element_type=\"widget\" data-e-type=\"widget\" data-widget_type=\"heading.default\">\n\t\t\t\t<div class=\"elementor-widget-container\">\n\t\t\t\t\t<h2 class=\"elementor-heading-title elementor-size-default\">Participaci\u00f3n de los usuarios y modelos de negocio<\/h2>\t\t\t\t<\/div>\n\t\t\t\t<\/div>\n\t\t\t\t<div class=\"elementor-element elementor-element-248dc3c elementor-widget elementor-widget-text-editor\" data-id=\"248dc3c\" data-element_type=\"widget\" data-e-type=\"widget\" data-widget_type=\"text-editor.default\">\n\t\t\t\t<div class=\"elementor-widget-container\">\n\t\t\t\t\t\t\t\t\t<p>REACT atraer\u00e1 e involucrar\u00e1 a los residentes de la isla en la reducci\u00f3n de la demanda y actividades que aumentar\u00e1n su conciencia energ\u00e9tica y les permitir\u00e1n convertirse en una parte activa de la estrategia cooperativa. Se desarrollar\u00e1n y desplegar\u00e1n modelos de negocio innovadores y planes de explotaci\u00f3n para aumentar la penetraci\u00f3n de las fuentes de energ\u00eda renovable, reducir el consumo de combustibles f\u00f3siles, permitir la replicaci\u00f3n a gran escala y mejorar la autonom\u00eda de las islas, al tiempo que se contribuye a la seguridad energ\u00e9tica de Europa y se allana el camino para los desaf\u00edos normativos y legales.<\/p>\n\t\t\t\t\t\t\t\t<\/div>\n\t\t\t\t<\/div>\n\t\t\t\t\t<\/div>\n\t\t<\/div>\n\t\t\t\t\t<\/div>\n\t\t<\/section>\n\t\t\t\t<section class=\"elementor-section elementor-top-section elementor-element elementor-element-9bf5ee8 elementor-section-full_width elementor-section-height-default elementor-section-height-default\" data-id=\"9bf5ee8\" data-element_type=\"section\" data-e-type=\"section\">\n\t\t\t\t\t\t<div class=\"elementor-container elementor-column-gap-default\">\n\t\t\t\t\t<div class=\"elementor-column elementor-col-100 elementor-top-column elementor-element elementor-element-dd29934\" data-id=\"dd29934\" data-element_type=\"column\" data-e-type=\"column\">\n\t\t\t<div class=\"elementor-widget-wrap elementor-element-populated\">\n\t\t\t\t\t\t<div class=\"elementor-element elementor-element-7f08115 elementor-widget elementor-widget-image\" data-id=\"7f08115\" data-element_type=\"widget\" data-e-type=\"widget\" data-widget_type=\"image.default\">\n\t\t\t\t<div class=\"elementor-widget-container\">\n\t\t\t\t\t\t\t\t\t\t\t\t\t\t\t<img decoding=\"async\" width=\"1920\" height=\"1080\" src=\"https:\/\/react2020.eu\/wp-content\/uploads\/sites\/5\/2021\/01\/React_technology_EN-1.jpg\" class=\"attachment-full size-full wp-image-23906\" alt=\"\" srcset=\"https:\/\/react2020.eu\/wp-content\/uploads\/sites\/5\/2021\/01\/React_technology_EN-1.jpg 1920w, https:\/\/react2020.eu\/wp-content\/uploads\/sites\/5\/2021\/01\/React_technology_EN-1-300x169.jpg 300w, https:\/\/react2020.eu\/wp-content\/uploads\/sites\/5\/2021\/01\/React_technology_EN-1-1024x576.jpg 1024w, https:\/\/react2020.eu\/wp-content\/uploads\/sites\/5\/2021\/01\/React_technology_EN-1-768x432.jpg 768w, https:\/\/react2020.eu\/wp-content\/uploads\/sites\/5\/2021\/01\/React_technology_EN-1-1536x864.jpg 1536w\" sizes=\"(max-width: 1920px) 100vw, 1920px\" \/>\t\t\t\t\t\t\t\t\t\t\t\t\t\t\t<\/div>\n\t\t\t\t<\/div>\n\t\t\t\t\t<\/div>\n\t\t<\/div>\n\t\t\t\t\t<\/div>\n\t\t<\/section>\n\t\t\t\t<\/div>\n\t\t","protected":false},"excerpt":{"rendered":"<p>UNA RED INTELIGENTE, INTEGRADA Y DIGITALIZADA Soluci\u00f3n TIC basada en la nube que integra tecnolog\u00edas de generaci\u00f3n distribuida de alta flexibilidad, respuesta a la demanda y almacenamiento de energ\u00eda para proporcionar una autonom\u00eda energ\u00e9tica del 100%. REACT integrar\u00e1 el conocimiento obtenido en actividades previas de I+D con las tecnolog\u00edas disponibles comercialmente para formar una soluci\u00f3n &#8230; <a title=\"Tecnolog\u00eda\" class=\"read-more\" href=\"https:\/\/react2020.eu\/es\/tecnologia\/\" aria-label=\"Leer m\u00e1s sobre Tecnolog\u00eda\">Leer m\u00e1s<\/a><\/p>\n","protected":false},"author":1,"featured_media":0,"parent":0,"menu_order":0,"comment_status":"closed","ping_status":"closed","template":"elementor_header_footer","meta":{"inline_featured_image":false,"footnotes":""},"class_list":["post-22767","page","type-page","status-publish"],"yoast_head":"<!-- This site is optimized with the Yoast SEO plugin v27.4 - https:\/\/yoast.com\/product\/yoast-seo-wordpress\/ -->\n<title>Tecnolog\u00eda - REACT 2020<\/title>\n<meta name=\"robots\" content=\"index, follow, max-snippet:-1, max-image-preview:large, max-video-preview:-1\" \/>\n<link rel=\"canonical\" href=\"https:\/\/react2020.eu\/es\/tecnologia\/\" \/>\n<meta property=\"og:locale\" content=\"es_ES\" \/>\n<meta property=\"og:type\" content=\"article\" \/>\n<meta property=\"og:title\" content=\"Tecnolog\u00eda - REACT 2020\" \/>\n<meta property=\"og:description\" content=\"UNA RED INTELIGENTE, INTEGRADA Y DIGITALIZADA Soluci\u00f3n TIC basada en la nube que integra tecnolog\u00edas de generaci\u00f3n distribuida de alta flexibilidad, respuesta a la demanda y almacenamiento de energ\u00eda para proporcionar una autonom\u00eda energ\u00e9tica del 100%. REACT integrar\u00e1 el conocimiento obtenido en actividades previas de I+D con las tecnolog\u00edas disponibles comercialmente para formar una soluci\u00f3n ... Leer m\u00e1s\" \/>\n<meta property=\"og:url\" content=\"https:\/\/react2020.eu\/es\/tecnologia\/\" \/>\n<meta property=\"og:site_name\" content=\"REACT 2020\" \/>\n<meta property=\"article:modified_time\" content=\"2021-01-21T21:01:31+00:00\" \/>\n<meta property=\"og:image\" content=\"https:\/\/react2020.eu\/wp-content\/uploads\/sites\/5\/2020\/07\/renewable-energy.png\" \/>\n<meta name=\"twitter:card\" content=\"summary_large_image\" \/>\n<meta name=\"twitter:label1\" content=\"Tiempo de lectura\" \/>\n\t<meta name=\"twitter:data1\" content=\"3 minutos\" \/>\n<script type=\"application\/ld+json\" class=\"yoast-schema-graph\">{\"@context\":\"https:\\\/\\\/schema.org\",\"@graph\":[{\"@type\":\"WebPage\",\"@id\":\"https:\\\/\\\/react2020.eu\\\/es\\\/tecnologia\\\/\",\"url\":\"https:\\\/\\\/react2020.eu\\\/es\\\/tecnologia\\\/\",\"name\":\"Tecnolog\u00eda - REACT 2020\",\"isPartOf\":{\"@id\":\"https:\\\/\\\/react2020.eu\\\/#website\"},\"primaryImageOfPage\":{\"@id\":\"https:\\\/\\\/react2020.eu\\\/es\\\/tecnologia\\\/#primaryimage\"},\"image\":{\"@id\":\"https:\\\/\\\/react2020.eu\\\/es\\\/tecnologia\\\/#primaryimage\"},\"thumbnailUrl\":\"https:\\\/\\\/react2020.eu\\\/wp-content\\\/uploads\\\/sites\\\/5\\\/2020\\\/07\\\/renewable-energy.png\",\"datePublished\":\"2020-12-06T23:55:18+00:00\",\"dateModified\":\"2021-01-21T21:01:31+00:00\",\"breadcrumb\":{\"@id\":\"https:\\\/\\\/react2020.eu\\\/es\\\/tecnologia\\\/#breadcrumb\"},\"inLanguage\":\"es\",\"potentialAction\":[{\"@type\":\"ReadAction\",\"target\":[\"https:\\\/\\\/react2020.eu\\\/es\\\/tecnologia\\\/\"]}]},{\"@type\":\"ImageObject\",\"inLanguage\":\"es\",\"@id\":\"https:\\\/\\\/react2020.eu\\\/es\\\/tecnologia\\\/#primaryimage\",\"url\":\"https:\\\/\\\/react2020.eu\\\/wp-content\\\/uploads\\\/sites\\\/5\\\/2020\\\/07\\\/renewable-energy.png\",\"contentUrl\":\"https:\\\/\\\/react2020.eu\\\/wp-content\\\/uploads\\\/sites\\\/5\\\/2020\\\/07\\\/renewable-energy.png\"},{\"@type\":\"BreadcrumbList\",\"@id\":\"https:\\\/\\\/react2020.eu\\\/es\\\/tecnologia\\\/#breadcrumb\",\"itemListElement\":[{\"@type\":\"ListItem\",\"position\":1,\"name\":\"Portada\",\"item\":\"https:\\\/\\\/react2020.eu\\\/\"},{\"@type\":\"ListItem\",\"position\":2,\"name\":\"Tecnolog\u00eda\"}]},{\"@type\":\"WebSite\",\"@id\":\"https:\\\/\\\/react2020.eu\\\/#website\",\"url\":\"https:\\\/\\\/react2020.eu\\\/\",\"name\":\"REACT 2020\",\"description\":\"REACT 2020 \u2013 Renewable Energy for Self-Sustainable Island Communties\",\"publisher\":{\"@id\":\"https:\\\/\\\/react2020.eu\\\/#organization\"},\"potentialAction\":[{\"@type\":\"SearchAction\",\"target\":{\"@type\":\"EntryPoint\",\"urlTemplate\":\"https:\\\/\\\/react2020.eu\\\/?s={search_term_string}\"},\"query-input\":{\"@type\":\"PropertyValueSpecification\",\"valueRequired\":true,\"valueName\":\"search_term_string\"}}],\"inLanguage\":\"es\"},{\"@type\":\"Organization\",\"@id\":\"https:\\\/\\\/react2020.eu\\\/#organization\",\"name\":\"REACT 2020\",\"url\":\"https:\\\/\\\/react2020.eu\\\/\",\"logo\":{\"@type\":\"ImageObject\",\"inLanguage\":\"es\",\"@id\":\"https:\\\/\\\/react2020.eu\\\/#\\\/schema\\\/logo\\\/image\\\/\",\"url\":\"https:\\\/\\\/react2020.eu\\\/wp-content\\\/uploads\\\/sites\\\/5\\\/2019\\\/07\\\/1.-REACT_Logo-horizontal_Color_RGB_2.png\",\"contentUrl\":\"https:\\\/\\\/react2020.eu\\\/wp-content\\\/uploads\\\/sites\\\/5\\\/2019\\\/07\\\/1.-REACT_Logo-horizontal_Color_RGB_2.png\",\"width\":1643,\"height\":419,\"caption\":\"REACT 2020\"},\"image\":{\"@id\":\"https:\\\/\\\/react2020.eu\\\/#\\\/schema\\\/logo\\\/image\\\/\"}}]}<\/script>\n<!-- \/ Yoast SEO plugin. -->","yoast_head_json":{"title":"Tecnolog\u00eda - REACT 2020","robots":{"index":"index","follow":"follow","max-snippet":"max-snippet:-1","max-image-preview":"max-image-preview:large","max-video-preview":"max-video-preview:-1"},"canonical":"https:\/\/react2020.eu\/es\/tecnologia\/","og_locale":"es_ES","og_type":"article","og_title":"Tecnolog\u00eda - REACT 2020","og_description":"UNA RED INTELIGENTE, INTEGRADA Y DIGITALIZADA Soluci\u00f3n TIC basada en la nube que integra tecnolog\u00edas de generaci\u00f3n distribuida de alta flexibilidad, respuesta a la demanda y almacenamiento de energ\u00eda para proporcionar una autonom\u00eda energ\u00e9tica del 100%. REACT integrar\u00e1 el conocimiento obtenido en actividades previas de I+D con las tecnolog\u00edas disponibles comercialmente para formar una soluci\u00f3n ... Leer m\u00e1s","og_url":"https:\/\/react2020.eu\/es\/tecnologia\/","og_site_name":"REACT 2020","article_modified_time":"2021-01-21T21:01:31+00:00","og_image":[{"url":"https:\/\/react2020.eu\/wp-content\/uploads\/sites\/5\/2020\/07\/renewable-energy.png","type":"","width":"","height":""}],"twitter_card":"summary_large_image","twitter_misc":{"Tiempo de lectura":"3 minutos"},"schema":{"@context":"https:\/\/schema.org","@graph":[{"@type":"WebPage","@id":"https:\/\/react2020.eu\/es\/tecnologia\/","url":"https:\/\/react2020.eu\/es\/tecnologia\/","name":"Tecnolog\u00eda - REACT 2020","isPartOf":{"@id":"https:\/\/react2020.eu\/#website"},"primaryImageOfPage":{"@id":"https:\/\/react2020.eu\/es\/tecnologia\/#primaryimage"},"image":{"@id":"https:\/\/react2020.eu\/es\/tecnologia\/#primaryimage"},"thumbnailUrl":"https:\/\/react2020.eu\/wp-content\/uploads\/sites\/5\/2020\/07\/renewable-energy.png","datePublished":"2020-12-06T23:55:18+00:00","dateModified":"2021-01-21T21:01:31+00:00","breadcrumb":{"@id":"https:\/\/react2020.eu\/es\/tecnologia\/#breadcrumb"},"inLanguage":"es","potentialAction":[{"@type":"ReadAction","target":["https:\/\/react2020.eu\/es\/tecnologia\/"]}]},{"@type":"ImageObject","inLanguage":"es","@id":"https:\/\/react2020.eu\/es\/tecnologia\/#primaryimage","url":"https:\/\/react2020.eu\/wp-content\/uploads\/sites\/5\/2020\/07\/renewable-energy.png","contentUrl":"https:\/\/react2020.eu\/wp-content\/uploads\/sites\/5\/2020\/07\/renewable-energy.png"},{"@type":"BreadcrumbList","@id":"https:\/\/react2020.eu\/es\/tecnologia\/#breadcrumb","itemListElement":[{"@type":"ListItem","position":1,"name":"Portada","item":"https:\/\/react2020.eu\/"},{"@type":"ListItem","position":2,"name":"Tecnolog\u00eda"}]},{"@type":"WebSite","@id":"https:\/\/react2020.eu\/#website","url":"https:\/\/react2020.eu\/","name":"REACT 2020","description":"REACT 2020 \u2013 Renewable Energy for Self-Sustainable Island Communties","publisher":{"@id":"https:\/\/react2020.eu\/#organization"},"potentialAction":[{"@type":"SearchAction","target":{"@type":"EntryPoint","urlTemplate":"https:\/\/react2020.eu\/?s={search_term_string}"},"query-input":{"@type":"PropertyValueSpecification","valueRequired":true,"valueName":"search_term_string"}}],"inLanguage":"es"},{"@type":"Organization","@id":"https:\/\/react2020.eu\/#organization","name":"REACT 2020","url":"https:\/\/react2020.eu\/","logo":{"@type":"ImageObject","inLanguage":"es","@id":"https:\/\/react2020.eu\/#\/schema\/logo\/image\/","url":"https:\/\/react2020.eu\/wp-content\/uploads\/sites\/5\/2019\/07\/1.-REACT_Logo-horizontal_Color_RGB_2.png","contentUrl":"https:\/\/react2020.eu\/wp-content\/uploads\/sites\/5\/2019\/07\/1.-REACT_Logo-horizontal_Color_RGB_2.png","width":1643,"height":419,"caption":"REACT 2020"},"image":{"@id":"https:\/\/react2020.eu\/#\/schema\/logo\/image\/"}}]}},"_links":{"self":[{"href":"https:\/\/react2020.eu\/es\/wp-json\/wp\/v2\/pages\/22767","targetHints":{"allow":["GET"]}}],"collection":[{"href":"https:\/\/react2020.eu\/es\/wp-json\/wp\/v2\/pages"}],"about":[{"href":"https:\/\/react2020.eu\/es\/wp-json\/wp\/v2\/types\/page"}],"author":[{"embeddable":true,"href":"https:\/\/react2020.eu\/es\/wp-json\/wp\/v2\/users\/1"}],"replies":[{"embeddable":true,"href":"https:\/\/react2020.eu\/es\/wp-json\/wp\/v2\/comments?post=22767"}],"version-history":[{"count":0,"href":"https:\/\/react2020.eu\/es\/wp-json\/wp\/v2\/pages\/22767\/revisions"}],"wp:attachment":[{"href":"https:\/\/react2020.eu\/es\/wp-json\/wp\/v2\/media?parent=22767"}],"curies":[{"name":"wp","href":"https:\/\/api.w.org\/{rel}","templated":true}]}}